{"id":28061,"date":"2023-07-29T15:03:19","date_gmt":"2023-07-29T14:03:19","guid":{"rendered":"https:\/\/premierpaschezsoi.com\/w2\/?post_type=product&#038;p=28061"},"modified":"2025-12-28T16:43:32","modified_gmt":"2025-12-28T15:43:32","slug":"maison-a-etage-300-m%c2%b2-habitable-4-chambres-2","status":"publish","type":"product","link":"https:\/\/premierpaschezsoi.com\/w2\/produit\/maison-a-etage-300-m%c2%b2-habitable-4-chambres-2\/","title":{"rendered":"VILLA R+1, 300 M\u00b2 HABITABLE, 4 CHAMBRES"},"content":{"rendered":"<div class=\"\" data-block=\"true\" data-editor=\"272c4\" data-offset-key=\"8gqme-0-0\">\n<div class=\"_1mf _1mj\" data-offset-key=\"8gqme-0-0\">\n<table>\n<thead>\n<tr>\n<th>\u00c9l\u00e9ment<\/th>\n<th>Caract\u00e9ristiques<\/th>\n<\/tr>\n<\/thead>\n<tbody>\n<tr>\n<td>Type de b\u00e2timent<\/td>\n<td>Maison moderne \u00e0 \u00e9tage (R+1)<\/td>\n<\/tr>\n<tr>\n<td>Surface habitable<\/td>\n<td>300 m\u00b2<\/td>\n<\/tr>\n<tr>\n<td>Salon<\/td>\n<td>1 salon spacieux et lumineux<\/td>\n<\/tr>\n<tr>\n<td>Cuisine<\/td>\n<td>1 cuisine fonctionnelle<\/td>\n<\/tr>\n<tr>\n<td>Chambres<\/td>\n<td>4 chambres<\/td>\n<\/tr>\n<tr>\n<td>Salles de bain<\/td>\n<td>4 salles de bain<\/td>\n<\/tr>\n<tr>\n<td>Salle \u00e0 l\u2019\u00e9tage<\/td>\n<td>1 s\u00e9jour \/ salle familiale<\/td>\n<\/tr>\n<tr>\n<td>Dressing<\/td>\n<td>1 dressing<\/td>\n<\/tr>\n<tr>\n<td>V\u00e9randa<\/td>\n<td>1 v\u00e9randa<\/td>\n<\/tr>\n<tr>\n<td>Garage<\/td>\n<td>1 garage ferm\u00e9<\/td>\n<\/tr>\n<tr>\n<td>Stationnement<\/td>\n<td>1 parking ext\u00e9rieur<\/td>\n<\/tr>\n<tr>\n<td>Style architectural<\/td>\n<td>Contemporain haut standing<\/td>\n<\/tr>\n<tr>\n<td>Organisation<\/td>\n<td>S\u00e9paration jour \/ nuit + espaces familiaux<\/td>\n<\/tr>\n<tr>\n<td>Usage<\/td>\n<td>R\u00e9sidence principale haut standing<\/td>\n<\/tr>\n<tr>\n<td>Niveau de complexit\u00e9<\/td>\n<td>Mod\u00e9r\u00e9 \u00e0 \u00e9lev\u00e9 \u2013 auto-construction accompagn\u00e9e recommand\u00e9e<\/td>\n<\/tr>\n<\/tbody>\n<\/table>\n<\/div>\n<p data-start=\"574\" data-end=\"932\">Cette <strong data-start=\"580\" data-end=\"604\">maison \u00e0 \u00e9tage (R+1)<\/strong> d\u00e9veloppe une surface habitable remarquable de <strong data-start=\"652\" data-end=\"662\">300 m\u00b2<\/strong>, pens\u00e9e pour les familles recherchant <strong data-start=\"701\" data-end=\"739\">espace, prestige et fonctionnalit\u00e9<\/strong>. Son architecture contemporaine se distingue par des lignes horizontales affirm\u00e9es, de larges ouvertures vitr\u00e9es et des balcons filants qui renforcent la relation entre int\u00e9rieur et ext\u00e9rieur.<\/p>\n<p data-start=\"934\" data-end=\"1348\">Le <strong data-start=\"937\" data-end=\"956\">rez-de-chauss\u00e9e<\/strong> accueille un <strong data-start=\"970\" data-end=\"1000\">salon spacieux et lumineux<\/strong>, v\u00e9ritable c\u0153ur de la maison, con\u00e7u pour les moments de r\u00e9ception et de vie quotidienne. Les grandes baies vitr\u00e9es assurent une luminosit\u00e9 naturelle abondante et une ventilation optimale.<br data-start=\"1188\" data-end=\"1191\" \/>La <strong data-start=\"1194\" data-end=\"1205\">cuisine<\/strong>, fonctionnelle et g\u00e9n\u00e9reuse, est pens\u00e9e pour un usage intensif et peut \u00eatre organis\u00e9e en cuisine ferm\u00e9e ou semi-ouverte selon les pr\u00e9f\u00e9rences.<\/p>\n<p data-start=\"1350\" data-end=\"1501\">Une <strong data-start=\"1354\" data-end=\"1365\">v\u00e9randa<\/strong> prolonge harmonieusement les espaces de vie, offrant une zone de d\u00e9tente prot\u00e9g\u00e9e, id\u00e9ale pour profiter de l\u2019ext\u00e9rieur en toute saison.<\/p>\n<p data-start=\"1503\" data-end=\"1839\">\u00c0 l\u2019\u00e9tage, l\u2019espace nuit se compose de <strong data-start=\"1542\" data-end=\"1561\">quatre chambres<\/strong>, chacune disposant de sa <strong data-start=\"1587\" data-end=\"1614\">salle de bain privative<\/strong>, garantissant confort, intimit\u00e9 et autonomie \u00e0 chaque occupant.<br data-start=\"1678\" data-end=\"1681\" \/>Une <strong data-start=\"1685\" data-end=\"1714\">salle familiale \u00e0 l\u2019\u00e9tage<\/strong> (family room \/ s\u00e9jour priv\u00e9) compl\u00e8te intelligemment le programme, offrant un espace de d\u00e9tente distinct du salon principal.<\/p>\n<p data-start=\"1841\" data-end=\"1961\">Un <strong data-start=\"1844\" data-end=\"1856\">dressing<\/strong> d\u00e9di\u00e9 vient renforcer le niveau de standing de la maison, particuli\u00e8rement adapt\u00e9 \u00e0 une suite parentale.<\/p>\n<p data-start=\"1963\" data-end=\"2092\">C\u00f4t\u00e9 stationnement, la maison dispose d\u2019un <strong data-start=\"2006\" data-end=\"2022\">garage ferm\u00e9<\/strong> ainsi que d\u2019un <strong data-start=\"2038\" data-end=\"2059\">parking ext\u00e9rieur<\/strong>, assurant praticit\u00e9 et s\u00e9curit\u00e9.<\/p>\n<p data-start=\"2094\" data-end=\"2270\">Ce mod\u00e8le est con\u00e7u pour une <strong data-start=\"2123\" data-end=\"2165\">construction structur\u00e9e et valorisante<\/strong>, parfaitement adapt\u00e9e \u00e0 une r\u00e9sidence principale haut standing ou \u00e0 un projet patrimonial de long terme.<\/p>\n<\/div>\n","protected":false},"excerpt":{"rendered":"<p data-start=\"376\" data-end=\"541\">Une maison \u00e0 \u00e9tage spacieuse et \u00e9l\u00e9gante, con\u00e7ue pour offrir un confort haut standing, des volumes g\u00e9n\u00e9reux et une organisation id\u00e9ale pour la vie familiale moderne.<\/p>\n","protected":false},"featured_media":28062,"comment_status":"open","ping_status":"closed","template":"","meta":{"_glsr_average":0,"_glsr_ranking":0,"_glsr_reviews":0,"_joinchat":[]},"product_cat":[159,154,152,148],"product_tag":[],"class_list":{"0":"post-28061","1":"product","2":"type-product","3":"status-publish","4":"has-post-thumbnail","6":"product_cat-moins-de-50-millions","7":"product_cat-100-m-et-plus","8":"product_cat-4-chambres-et-plus","9":"product_cat-duplex","10":"tm-no-options","12":"first","13":"instock","14":"sale","15":"shipping-taxable","16":"purchasable","17":"product-type-variable","18":"add-to-wishlist-after_add_to_cart"},"_links":{"self":[{"href":"https:\/\/premierpaschezsoi.com\/w2\/wp-json\/wp\/v2\/product\/28061","targetHints":{"allow":["GET"]}}],"collection":[{"href":"https:\/\/premierpaschezsoi.com\/w2\/wp-json\/wp\/v2\/product"}],"about":[{"href":"https:\/\/premierpaschezsoi.com\/w2\/wp-json\/wp\/v2\/types\/product"}],"replies":[{"embeddable":true,"href":"https:\/\/premierpaschezsoi.com\/w2\/wp-json\/wp\/v2\/comments?post=28061"}],"version-history":[{"count":3,"href":"https:\/\/premierpaschezsoi.com\/w2\/wp-json\/wp\/v2\/product\/28061\/revisions"}],"predecessor-version":[{"id":28923,"href":"https:\/\/premierpaschezsoi.com\/w2\/wp-json\/wp\/v2\/product\/28061\/revisions\/28923"}],"wp:featuredmedia":[{"embeddable":true,"href":"https:\/\/premierpaschezsoi.com\/w2\/wp-json\/wp\/v2\/media\/28062"}],"wp:attachment":[{"href":"https:\/\/premierpaschezsoi.com\/w2\/wp-json\/wp\/v2\/media?parent=28061"}],"wp:term":[{"taxonomy":"product_cat","embeddable":true,"href":"https:\/\/premierpaschezsoi.com\/w2\/wp-json\/wp\/v2\/product_cat?post=28061"},{"taxonomy":"product_tag","embeddable":true,"href":"https:\/\/premierpaschezsoi.com\/w2\/wp-json\/wp\/v2\/product_tag?post=28061"}],"curies":[{"name":"wp","href":"https:\/\/api.w.org\/{rel}","templated":true}]}}