{"id":28750,"date":"2025-12-14T18:22:47","date_gmt":"2025-12-14T17:22:47","guid":{"rendered":"https:\/\/premierpaschezsoi.com\/w2\/?post_type=product&#038;p=28750"},"modified":"2025-12-27T00:56:35","modified_gmt":"2025-12-26T23:56:35","slug":"immeuble-locatif-rentable-r3-15-appartements-sur-terrain-de-500m2","status":"publish","type":"product","link":"https:\/\/premierpaschezsoi.com\/w2\/produit\/immeuble-locatif-rentable-r3-15-appartements-sur-terrain-de-500m2\/","title":{"rendered":"IMMEUBLE LOCATIF RENTABLE, R+3, 15 APPARTEMENTS SUR TERRAIN DE 500M2"},"content":{"rendered":"<div class=\"\" data-block=\"true\" data-editor=\"e5mtg\" data-offset-key=\"epi23-0-0\">\n<div class=\"_1mf _1mj\" data-offset-key=\"epi23-0-0\">\n<h4 data-start=\"1010\" data-end=\"1047\"><strong data-start=\"1018\" data-end=\"1047\">Composition de l\u2019immeuble<\/strong><\/h4>\n<div class=\"_tableContainer_16hzy_1\">\n<div class=\"_tableWrapper_16hzy_14 group flex w-fit flex-col-reverse\">\n<table class=\"w-fit min-w-(--thread-content-width)\" data-start=\"1049\" data-end=\"1822\">\n<thead data-start=\"1049\" data-end=\"1158\">\n<tr data-start=\"1049\" data-end=\"1158\">\n<th data-start=\"1049\" data-end=\"1059\" data-col-size=\"sm\">Niveau<\/th>\n<th data-start=\"1059\" data-end=\"1079\" data-col-size=\"sm\">Surface habitable<\/th>\n<th data-start=\"1079\" data-end=\"1158\" data-col-size=\"md\">Description<\/th>\n<\/tr>\n<\/thead>\n<tbody data-start=\"1270\" data-end=\"1822\">\n<tr data-start=\"1270\" data-end=\"1380\">\n<td data-start=\"1270\" data-end=\"1280\" data-col-size=\"sm\"><strong data-start=\"1272\" data-end=\"1279\">RDC<\/strong><\/td>\n<td data-col-size=\"sm\" data-start=\"1280\" data-end=\"1301\">415,72 m\u00b2<\/td>\n<td data-col-size=\"md\" data-start=\"1301\" data-end=\"1380\">Parking, circulation, halls, locaux techniques<\/td>\n<\/tr>\n<tr data-start=\"1381\" data-end=\"1491\">\n<td data-start=\"1381\" data-end=\"1391\" data-col-size=\"sm\"><strong data-start=\"1383\" data-end=\"1390\">R+1<\/strong><\/td>\n<td data-col-size=\"sm\" data-start=\"1391\" data-end=\"1412\">433,47 m\u00b2<\/td>\n<td data-col-size=\"md\" data-start=\"1412\" data-end=\"1491\">5 appartements (3 T3 + 2 T2), patios, balcons<\/td>\n<\/tr>\n<tr data-start=\"1492\" data-end=\"1602\">\n<td data-start=\"1492\" data-end=\"1502\" data-col-size=\"sm\"><strong data-start=\"1494\" data-end=\"1501\">R+2<\/strong><\/td>\n<td data-col-size=\"sm\" data-start=\"1502\" data-end=\"1523\">434,70 m\u00b2<\/td>\n<td data-col-size=\"md\" data-start=\"1523\" data-end=\"1602\">5 appartements (identiques \u00e0 R+1)<\/td>\n<\/tr>\n<tr data-start=\"1603\" data-end=\"1713\">\n<td data-start=\"1603\" data-end=\"1613\" data-col-size=\"sm\"><strong data-start=\"1605\" data-end=\"1612\">R+3<\/strong><\/td>\n<td data-start=\"1613\" data-end=\"1634\" data-col-size=\"sm\">435,55 m\u00b2<\/td>\n<td data-col-size=\"md\" data-start=\"1634\" data-end=\"1713\">5 appartements (identiques \u00e0 R+2)<\/td>\n<\/tr>\n<tr data-start=\"1714\" data-end=\"1822\">\n<td data-start=\"1714\" data-end=\"1726\" data-col-size=\"sm\"><strong data-start=\"1716\" data-end=\"1725\">TOTAL<\/strong><\/td>\n<td data-col-size=\"sm\" data-start=\"1726\" data-end=\"1744\"><strong data-start=\"1728\" data-end=\"1743\">1 719,44 m\u00b2<\/strong><\/td>\n<td data-col-size=\"md\" data-start=\"1744\" data-end=\"1822\">Surface habitable globale<\/td>\n<\/tr>\n<\/tbody>\n<\/table>\n<\/div>\n<\/div>\n<p><span style=\"text-decoration: underline\">Caract\u00e9ristiques principales<\/span><\/p>\n<table class=\"w-fit min-w-(--thread-content-width)\" data-start=\"2268\" data-end=\"3611\">\n<thead data-start=\"2268\" data-end=\"2379\">\n<tr data-start=\"2268\" data-end=\"2379\">\n<th data-start=\"2268\" data-end=\"2303\" data-col-size=\"sm\">\u00c9l\u00e9ment<\/th>\n<th data-start=\"2303\" data-end=\"2379\" data-col-size=\"md\">D\u00e9tail<\/th>\n<\/tr>\n<\/thead>\n<tbody data-start=\"2492\" data-end=\"3611\">\n<tr data-start=\"2492\" data-end=\"2603\">\n<td data-start=\"2492\" data-end=\"2527\" data-col-size=\"sm\"><strong data-start=\"2494\" data-end=\"2502\">Type<\/strong><\/td>\n<td data-col-size=\"md\" data-start=\"2527\" data-end=\"2603\">Immeuble locatif R+3<\/td>\n<\/tr>\n<tr data-start=\"2604\" data-end=\"2715\">\n<td data-start=\"2604\" data-end=\"2639\" data-col-size=\"sm\"><strong data-start=\"2606\" data-end=\"2631\">Nombre d\u2019appartements<\/strong><\/td>\n<td data-start=\"2639\" data-end=\"2715\" data-col-size=\"md\">15 (9 T3 + 6 T2)<\/td>\n<\/tr>\n<tr data-start=\"2716\" data-end=\"2827\">\n<td data-start=\"2716\" data-end=\"2751\" data-col-size=\"sm\"><strong data-start=\"2718\" data-end=\"2749\">Superficie habitable totale<\/strong><\/td>\n<td data-start=\"2751\" data-end=\"2827\" data-col-size=\"md\">1 719 m\u00b2<\/td>\n<\/tr>\n<tr data-start=\"2828\" data-end=\"2939\">\n<td data-start=\"2828\" data-end=\"2863\" data-col-size=\"sm\"><strong data-start=\"2830\" data-end=\"2851\">Nombre de niveaux<\/strong><\/td>\n<td data-start=\"2863\" data-end=\"2939\" data-col-size=\"md\">4 (RDC + 3 \u00e9tages)<\/td>\n<\/tr>\n<tr data-start=\"2940\" data-end=\"3051\">\n<td data-start=\"2940\" data-end=\"2975\" data-col-size=\"sm\"><strong data-start=\"2942\" data-end=\"2968\">Surface moyenne des T3<\/strong><\/td>\n<td data-col-size=\"md\" data-start=\"2975\" data-end=\"3051\">80\u201388 m\u00b2<\/td>\n<\/tr>\n<tr data-start=\"3052\" data-end=\"3163\">\n<td data-start=\"3052\" data-end=\"3087\" data-col-size=\"sm\"><strong data-start=\"3054\" data-end=\"3080\">Surface moyenne des T2<\/strong><\/td>\n<td data-col-size=\"md\" data-start=\"3087\" data-end=\"3163\">53\u201356 m\u00b2<\/td>\n<\/tr>\n<tr data-start=\"3164\" data-end=\"3275\">\n<td data-start=\"3164\" data-end=\"3199\" data-col-size=\"sm\"><strong data-start=\"3166\" data-end=\"3184\">Patios\/Balcons<\/strong><\/td>\n<td data-col-size=\"md\" data-start=\"3199\" data-end=\"3275\">Oui, dans la majorit\u00e9 des logements<\/td>\n<\/tr>\n<tr data-start=\"3276\" data-end=\"3387\">\n<td data-start=\"3276\" data-end=\"3311\" data-col-size=\"sm\"><strong data-start=\"3278\" data-end=\"3307\">Co\u00fbt estim\u00e9 du gros \u0153uvre<\/strong><\/td>\n<td data-col-size=\"md\" data-start=\"3311\" data-end=\"3387\">Environ <strong data-start=\"3321\" data-end=\"3341\">146 115 000 FCFA<\/strong> (1 719 m\u00b2 \u00d7 85 000 FCFA\/m\u00b2)<\/td>\n<\/tr>\n<tr data-start=\"3388\" data-end=\"3499\">\n<td data-start=\"3388\" data-end=\"3423\" data-col-size=\"sm\"><strong data-start=\"3390\" data-end=\"3406\">Public cible<\/strong><\/td>\n<td data-col-size=\"md\" data-start=\"3423\" data-end=\"3499\">Investisseurs, promoteurs immobiliers, bailleurs institutionnels<\/td>\n<\/tr>\n<tr data-start=\"3500\" data-end=\"3611\">\n<td data-start=\"3500\" data-end=\"3535\" data-col-size=\"sm\"><strong data-start=\"3502\" data-end=\"3511\">Style<\/strong><\/td>\n<td data-col-size=\"md\" data-start=\"3535\" data-end=\"3611\">Moderne, a\u00e9r\u00e9, fonctionnel, adapt\u00e9 aux centres-villes africains<\/td>\n<\/tr>\n<\/tbody>\n<\/table>\n<\/div>\n<\/div>\n","protected":false},"excerpt":{"rendered":"<p data-start=\"172\" data-end=\"348\">Immeuble locatif Construit sur un terrain de 500m2, l&#8217;immeuble TAYA est une R\u00e9sidence locative R+3 avec 15 appartements modernes sur 1 719 m\u00b2 habitables.<br data-start=\"275\" data-end=\"278\" \/>Un mod\u00e8le optimis\u00e9 pour la rentabilit\u00e9 urbaine avec mix d\u2019appartements T2 et T3, sur parking en rez-de-chauss\u00e9e.<\/p>\n<h3 class=\"\" data-start=\"310\" data-end=\"352\"><\/h3>\n","protected":false},"featured_media":28755,"comment_status":"open","ping_status":"closed","template":"","meta":{"_glsr_average":0,"_glsr_ranking":0,"_glsr_reviews":0,"_joinchat":[]},"product_cat":[154,152,169,167,168,166,149],"product_tag":[],"class_list":{"0":"post-28750","1":"product","2":"type-product","3":"status-publish","4":"has-post-thumbnail","6":"product_cat-100-m-et-plus","7":"product_cat-4-chambres-et-plus","8":"product_cat-a-revenu","9":"product_cat-appartement-locatif","10":"product_cat-commercial","11":"product_cat-plus-de-100-millions","12":"product_cat-r2-et-plus","13":"tm-no-options","15":"first","16":"instock","17":"sale","18":"shipping-taxable","19":"purchasable","20":"product-type-variable","21":"add-to-wishlist-after_add_to_cart"},"_links":{"self":[{"href":"https:\/\/premierpaschezsoi.com\/w2\/wp-json\/wp\/v2\/product\/28750","targetHints":{"allow":["GET"]}}],"collection":[{"href":"https:\/\/premierpaschezsoi.com\/w2\/wp-json\/wp\/v2\/product"}],"about":[{"href":"https:\/\/premierpaschezsoi.com\/w2\/wp-json\/wp\/v2\/types\/product"}],"replies":[{"embeddable":true,"href":"https:\/\/premierpaschezsoi.com\/w2\/wp-json\/wp\/v2\/comments?post=28750"}],"version-history":[{"count":1,"href":"https:\/\/premierpaschezsoi.com\/w2\/wp-json\/wp\/v2\/product\/28750\/revisions"}],"predecessor-version":[{"id":28757,"href":"https:\/\/premierpaschezsoi.com\/w2\/wp-json\/wp\/v2\/product\/28750\/revisions\/28757"}],"wp:featuredmedia":[{"embeddable":true,"href":"https:\/\/premierpaschezsoi.com\/w2\/wp-json\/wp\/v2\/media\/28755"}],"wp:attachment":[{"href":"https:\/\/premierpaschezsoi.com\/w2\/wp-json\/wp\/v2\/media?parent=28750"}],"wp:term":[{"taxonomy":"product_cat","embeddable":true,"href":"https:\/\/premierpaschezsoi.com\/w2\/wp-json\/wp\/v2\/product_cat?post=28750"},{"taxonomy":"product_tag","embeddable":true,"href":"https:\/\/premierpaschezsoi.com\/w2\/wp-json\/wp\/v2\/product_tag?post=28750"}],"curies":[{"name":"wp","href":"https:\/\/api.w.org\/{rel}","templated":true}]}}