{"id":28867,"date":"2025-12-27T00:19:39","date_gmt":"2025-12-26T23:19:39","guid":{"rendered":"https:\/\/premierpaschezsoi.com\/w2\/?post_type=product&#038;p=28867"},"modified":"2025-12-28T18:52:23","modified_gmt":"2025-12-28T17:52:23","slug":"immeuble-assie-r4-commercial-et-dappartements-locatifs-sur-terrain-de-500m2","status":"publish","type":"product","link":"https:\/\/premierpaschezsoi.com\/w2\/produit\/immeuble-assie-r4-commercial-et-dappartements-locatifs-sur-terrain-de-500m2\/","title":{"rendered":"IMMEUBLE ASSIE R+4 COMMERCIAL ET D&#8217;APPARTEMENTS LOCATIFS SUR TERRAIN DE 500m2"},"content":{"rendered":"<div data-block=\"true\" data-editor=\"e5mtg\" data-offset-key=\"epi23-0-0\"><strong>Caract\u00e9ristiques principales<\/strong><\/div>\n<div class=\"\" data-block=\"true\" data-editor=\"e5mtg\" data-offset-key=\"epi23-0-0\">\n<table class=\"w-fit min-w-(--thread-content-width)\" data-start=\"281\" data-end=\"1311\">\n<thead data-start=\"281\" data-end=\"311\">\n<tr data-start=\"281\" data-end=\"311\">\n<th data-start=\"281\" data-end=\"291\" data-col-size=\"sm\">\u00c9l\u00e9ment<\/th>\n<th data-start=\"291\" data-end=\"311\" data-col-size=\"md\">Caract\u00e9ristiques<\/th>\n<\/tr>\n<\/thead>\n<tbody data-start=\"338\" data-end=\"1311\">\n<tr data-start=\"338\" data-end=\"400\">\n<td data-start=\"338\" data-end=\"355\" data-col-size=\"sm\">Type de projet<\/td>\n<td data-col-size=\"md\" data-start=\"355\" data-end=\"400\">Immeuble mixte (commercial &amp; r\u00e9sidentiel)<\/td>\n<\/tr>\n<tr data-start=\"401\" data-end=\"428\">\n<td data-start=\"401\" data-end=\"421\" data-col-size=\"sm\">Nombre de niveaux<\/td>\n<td data-col-size=\"md\" data-start=\"421\" data-end=\"428\">R+4<\/td>\n<\/tr>\n<tr data-start=\"429\" data-end=\"463\">\n<td data-start=\"429\" data-end=\"453\" data-col-size=\"sm\">Superficie du terrain<\/td>\n<td data-col-size=\"md\" data-start=\"453\" data-end=\"463\">500 m\u00b2<\/td>\n<\/tr>\n<tr data-start=\"464\" data-end=\"543\">\n<td data-start=\"464\" data-end=\"486\" data-col-size=\"sm\">Organisation du RDC<\/td>\n<td data-col-size=\"md\" data-start=\"486\" data-end=\"543\">Stationnements, boutiques, bureaux, locaux techniques<\/td>\n<\/tr>\n<tr data-start=\"544\" data-end=\"580\">\n<td data-start=\"544\" data-end=\"575\" data-col-size=\"sm\">Nombre d\u2019\u00e9tages r\u00e9sidentiels<\/td>\n<td data-col-size=\"md\" data-start=\"575\" data-end=\"580\">4<\/td>\n<\/tr>\n<tr data-start=\"581\" data-end=\"618\">\n<td data-start=\"581\" data-end=\"603\" data-col-size=\"sm\">Logements par \u00e9tage<\/td>\n<td data-col-size=\"md\" data-start=\"603\" data-end=\"618\">5 logements<\/td>\n<\/tr>\n<tr data-start=\"619\" data-end=\"672\">\n<td data-start=\"619\" data-end=\"643\" data-col-size=\"sm\">R\u00e9partition par \u00e9tage<\/td>\n<td data-col-size=\"md\" data-start=\"643\" data-end=\"672\">4 studios + 1 appartement<\/td>\n<\/tr>\n<tr data-start=\"673\" data-end=\"717\">\n<td data-start=\"673\" data-end=\"701\" data-col-size=\"sm\">Nombre total de logements<\/td>\n<td data-col-size=\"md\" data-start=\"701\" data-end=\"717\">20 logements<\/td>\n<\/tr>\n<tr data-start=\"718\" data-end=\"752\">\n<td data-start=\"718\" data-end=\"738\" data-col-size=\"sm\">Nombre de studios<\/td>\n<td data-col-size=\"md\" data-start=\"738\" data-end=\"752\">16 studios<\/td>\n<\/tr>\n<tr data-start=\"753\" data-end=\"807\">\n<td data-start=\"753\" data-end=\"777\" data-col-size=\"sm\">Nombre d\u2019appartements<\/td>\n<td data-col-size=\"md\" data-start=\"777\" data-end=\"807\">4 appartements (1 chambre)<\/td>\n<\/tr>\n<tr data-start=\"808\" data-end=\"856\">\n<td data-start=\"808\" data-end=\"832\" data-col-size=\"sm\">Circulation verticale<\/td>\n<td data-col-size=\"md\" data-start=\"832\" data-end=\"856\">Escalier + ascenseur<\/td>\n<\/tr>\n<tr data-start=\"857\" data-end=\"892\">\n<td data-start=\"857\" data-end=\"867\" data-col-size=\"sm\">Balcons<\/td>\n<td data-col-size=\"md\" data-start=\"867\" data-end=\"892\">Oui (selon logements)<\/td>\n<\/tr>\n<tr data-start=\"893\" data-end=\"946\">\n<td data-start=\"893\" data-end=\"924\" data-col-size=\"sm\">Surface b\u00e2tie totale estim\u00e9e<\/td>\n<td data-col-size=\"md\" data-start=\"924\" data-end=\"946\">\u2248 1 700 \u2013 1 750 m\u00b2<\/td>\n<\/tr>\n<tr data-start=\"947\" data-end=\"998\">\n<td data-start=\"947\" data-end=\"965\" data-col-size=\"sm\">Usage principal<\/td>\n<td data-col-size=\"md\" data-start=\"965\" data-end=\"998\">Investissement locatif urbain<\/td>\n<\/tr>\n<tr data-start=\"999\" data-end=\"1059\">\n<td data-start=\"999\" data-end=\"1023\" data-col-size=\"sm\">Typologie de location<\/td>\n<td data-col-size=\"md\" data-start=\"1023\" data-end=\"1059\">Location longue dur\u00e9e ou meubl\u00e9e<\/td>\n<\/tr>\n<tr data-start=\"1060\" data-end=\"1113\">\n<td data-start=\"1060\" data-end=\"1081\" data-col-size=\"sm\">Niveau de standing<\/td>\n<td data-col-size=\"md\" data-start=\"1081\" data-end=\"1113\">Moyen \u00e0 bon standing locatif<\/td>\n<\/tr>\n<tr data-start=\"1114\" data-end=\"1177\">\n<td data-start=\"1114\" data-end=\"1151\" data-col-size=\"sm\"><strong data-start=\"1116\" data-end=\"1150\">Co\u00fbt estimatif de construction<\/strong><\/td>\n<td data-col-size=\"md\" data-start=\"1151\" data-end=\"1177\"><strong data-start=\"1153\" data-end=\"1175\">\u2248 350 000 000 FCFA<\/strong><\/td>\n<\/tr>\n<tr data-start=\"1178\" data-end=\"1245\">\n<td data-start=\"1178\" data-end=\"1214\" data-col-size=\"sm\"><strong data-start=\"1180\" data-end=\"1213\">Revenu locatif mensuel estim\u00e9<\/strong><\/td>\n<td data-col-size=\"md\" data-start=\"1214\" data-end=\"1245\"><strong data-start=\"1216\" data-end=\"1243\">\u2248 3 600 000 FCFA \/ mois<\/strong><\/td>\n<\/tr>\n<tr data-start=\"1246\" data-end=\"1311\">\n<td data-start=\"1246\" data-end=\"1281\" data-col-size=\"sm\"><strong data-start=\"1248\" data-end=\"1280\">Revenu locatif annuel estim\u00e9<\/strong><\/td>\n<td data-col-size=\"md\" data-start=\"1281\" data-end=\"1311\"><strong data-start=\"1283\" data-end=\"1309\">\u2248 43 200 000 FCFA \/ an<\/strong><\/td>\n<\/tr>\n<\/tbody>\n<\/table>\n<p>&nbsp;<\/p>\n<p>*Estimation indicative, d\u00e9pendante du quartier, du standing et de la gestion<\/p>\n<\/div>\n","protected":false},"excerpt":{"rendered":"<p><strong data-start=\"216\" data-end=\"225\">ASSI\u00c9<\/strong> est un immeuble locatif mixte R+4, con\u00e7u pour maximiser la valeur du foncier en milieu urbain. Il combine intelligemment commerces, bureaux et logements compacts \u00e0 forte demande locative, offrant un excellent \u00e9quilibre entre rentabilit\u00e9, fonctionnalit\u00e9 et architecture contemporaine<\/p>\n","protected":false},"featured_media":28943,"comment_status":"open","ping_status":"closed","template":"","meta":{"_glsr_average":0,"_glsr_ranking":0,"_glsr_reviews":0,"_joinchat":[]},"product_cat":[169,167,168,166,154,152,149],"product_tag":[],"class_list":{"0":"post-28867","1":"product","2":"type-product","3":"status-publish","4":"has-post-thumbnail","6":"product_cat-a-revenu","7":"product_cat-appartement-locatif","8":"product_cat-commercial","9":"product_cat-plus-de-100-millions","10":"product_cat-100-m-et-plus","11":"product_cat-4-chambres-et-plus","12":"product_cat-r2-et-plus","13":"tm-no-options","15":"first","16":"instock","17":"sale","18":"shipping-taxable","19":"purchasable","20":"product-type-variable","21":"add-to-wishlist-after_add_to_cart"},"_links":{"self":[{"href":"https:\/\/premierpaschezsoi.com\/w2\/wp-json\/wp\/v2\/product\/28867","targetHints":{"allow":["GET"]}}],"collection":[{"href":"https:\/\/premierpaschezsoi.com\/w2\/wp-json\/wp\/v2\/product"}],"about":[{"href":"https:\/\/premierpaschezsoi.com\/w2\/wp-json\/wp\/v2\/types\/product"}],"replies":[{"embeddable":true,"href":"https:\/\/premierpaschezsoi.com\/w2\/wp-json\/wp\/v2\/comments?post=28867"}],"version-history":[{"count":1,"href":"https:\/\/premierpaschezsoi.com\/w2\/wp-json\/wp\/v2\/product\/28867\/revisions"}],"predecessor-version":[{"id":28878,"href":"https:\/\/premierpaschezsoi.com\/w2\/wp-json\/wp\/v2\/product\/28867\/revisions\/28878"}],"wp:featuredmedia":[{"embeddable":true,"href":"https:\/\/premierpaschezsoi.com\/w2\/wp-json\/wp\/v2\/media\/28943"}],"wp:attachment":[{"href":"https:\/\/premierpaschezsoi.com\/w2\/wp-json\/wp\/v2\/media?parent=28867"}],"wp:term":[{"taxonomy":"product_cat","embeddable":true,"href":"https:\/\/premierpaschezsoi.com\/w2\/wp-json\/wp\/v2\/product_cat?post=28867"},{"taxonomy":"product_tag","embeddable":true,"href":"https:\/\/premierpaschezsoi.com\/w2\/wp-json\/wp\/v2\/product_tag?post=28867"}],"curies":[{"name":"wp","href":"https:\/\/api.w.org\/{rel}","templated":true}]}}