{"id":29024,"date":"2026-01-03T00:14:32","date_gmt":"2026-01-02T23:14:32","guid":{"rendered":"https:\/\/premierpaschezsoi.com\/w2\/?post_type=product&#038;p=29024"},"modified":"2026-03-02T23:41:02","modified_gmt":"2026-03-02T22:41:02","slug":"villa-etiba-plain-pied-4-chambres-_4-boutiques","status":"publish","type":"product","link":"https:\/\/premierpaschezsoi.com\/w2\/produit\/villa-etiba-plain-pied-4-chambres-_4-boutiques\/","title":{"rendered":"VILLA ETIBA \u2013 Plain-pied 4 chambres _4 boutiques"},"content":{"rendered":"<table>\n<thead>\n<tr>\n<th>\u00c9l\u00e9ment<\/th>\n<th>Donn\u00e9e<\/th>\n<\/tr>\n<\/thead>\n<tbody>\n<tr>\n<td>Type de b\u00e2timent<\/td>\n<td>Villa r\u00e9sidentielle + espaces commerciaux<\/td>\n<\/tr>\n<tr>\n<td>Niveau<\/td>\n<td>Plain-pied<\/td>\n<\/tr>\n<tr>\n<td>Surface habitable<\/td>\n<td><strong>296,72 m\u00b2<\/strong><\/td>\n<\/tr>\n<tr>\n<td>Nombre de chambres<\/td>\n<td><strong>4 chambres<\/strong><\/td>\n<\/tr>\n<tr>\n<td>Salles de bain<\/td>\n<td><strong>4 salles de bain priv\u00e9es<\/strong><\/td>\n<\/tr>\n<tr>\n<td>Salon<\/td>\n<td>1<\/td>\n<\/tr>\n<tr>\n<td>Salle \u00e0 manger<\/td>\n<td>1<\/td>\n<\/tr>\n<tr>\n<td>Cuisine<\/td>\n<td>1 cuisine interne<\/td>\n<\/tr>\n<tr>\n<td>Cuisine externe<\/td>\n<td>1<\/td>\n<\/tr>\n<tr>\n<td>Bureau<\/td>\n<td>1<\/td>\n<\/tr>\n<tr>\n<td>Dressing<\/td>\n<td>1<\/td>\n<\/tr>\n<tr>\n<td>Buanderie<\/td>\n<td>1<\/td>\n<\/tr>\n<tr>\n<td>Terrasse<\/td>\n<td>1<\/td>\n<\/tr>\n<tr>\n<td>Toilette visiteurs<\/td>\n<td>1<\/td>\n<\/tr>\n<tr>\n<td>Magasin<\/td>\n<td>1<\/td>\n<\/tr>\n<tr>\n<td>Boutiques<\/td>\n<td><strong>4 boutiques<\/strong><\/td>\n<\/tr>\n<tr>\n<td>Gu\u00e9rite<\/td>\n<td>1<\/td>\n<\/tr>\n<\/tbody>\n<\/table>\n<p data-start=\"574\" data-end=\"860\">La <strong data-start=\"277\" data-end=\"292\">Villa ETIBA<\/strong> est une r\u00e9sidence <strong data-start=\"311\" data-end=\"333\">plain-pied moderne<\/strong> qui combine intelligemment <strong data-start=\"361\" data-end=\"399\">habitation familiale haut standing<\/strong> et <strong data-start=\"403\" data-end=\"435\">espaces commerciaux int\u00e9gr\u00e9s<\/strong>.<br data-start=\"436\" data-end=\"439\" \/>Son architecture horizontale offre une excellente fluidit\u00e9 des circulations, une accessibilit\u00e9 optimale et un confort de vie durable.<\/p>\n<p data-start=\"574\" data-end=\"860\">L\u2019espace r\u00e9sidentiel est organis\u00e9 autour d\u2019un <strong data-start=\"620\" data-end=\"644\">grand salon lumineux<\/strong>, prolong\u00e9 par une <strong data-start=\"663\" data-end=\"692\">salle \u00e0 manger conviviale<\/strong>, id\u00e9ale pour la vie de famille. Les <strong data-start=\"729\" data-end=\"759\">quatre chambres spacieuses<\/strong>, chacune \u00e9quip\u00e9e de sa <strong data-start=\"783\" data-end=\"807\">salle de bain priv\u00e9e<\/strong>, garantissent intimit\u00e9 et confort \u00e0 chaque occupant.<\/p>\n<p data-start=\"862\" data-end=\"1151\">La villa dispose d\u2019une <strong data-start=\"885\" data-end=\"918\">cuisine interne fonctionnelle<\/strong>, compl\u00e9t\u00e9e par une <strong data-start=\"938\" data-end=\"957\">cuisine externe<\/strong> d\u00e9di\u00e9e aux pr\u00e9parations intensives ou aux usages ext\u00e9rieurs. Un <strong data-start=\"1022\" data-end=\"1032\">bureau<\/strong>, une <strong data-start=\"1038\" data-end=\"1051\">buanderie<\/strong>, un <strong data-start=\"1056\" data-end=\"1068\">dressing<\/strong>, ainsi qu\u2019un <strong data-start=\"1082\" data-end=\"1105\">magasin de stockage<\/strong> viennent renforcer la praticit\u00e9 du quotidien.<\/p>\n<p data-start=\"1153\" data-end=\"1302\">\u00c0 l\u2019ext\u00e9rieur, une <strong data-start=\"1172\" data-end=\"1193\">terrasse agr\u00e9able<\/strong> permet les moments de d\u00e9tente, tandis qu\u2019une <strong data-start=\"1239\" data-end=\"1250\">gu\u00e9rite<\/strong> assure un contr\u00f4le et une s\u00e9curit\u00e9 suppl\u00e9mentaires.<\/p>\n<p data-start=\"1304\" data-end=\"1474\">Le projet int\u00e8gre \u00e9galement <strong data-start=\"1332\" data-end=\"1361\">4 boutiques ind\u00e9pendantes<\/strong>, offrant une <strong data-start=\"1375\" data-end=\"1410\">opportunit\u00e9 de revenus locatifs<\/strong>, tout en restant parfaitement s\u00e9par\u00e9es de l\u2019espace r\u00e9sidentiel.<\/p>\n","protected":false},"excerpt":{"rendered":"<p>Une villa plain-pied moderne de <strong data-start=\"233\" data-end=\"246\">296,72 m\u00b2<\/strong>, offrant <strong data-start=\"256\" data-end=\"281\">4 suites confortables<\/strong> et int\u00e9grant <strong data-start=\"295\" data-end=\"323\">4 boutiques commerciales<\/strong>, pour vivre sereinement tout en s\u00e9curisant des revenus locatifs.<\/p>\n","protected":false},"featured_media":29026,"comment_status":"open","ping_status":"closed","template":"","meta":{"_glsr_average":0,"_glsr_ranking":0,"_glsr_reviews":0,"_joinchat":[]},"product_cat":[154,152,169,168,157,147],"product_tag":[],"class_list":{"0":"post-29024","1":"product","2":"type-product","3":"status-publish","4":"has-post-thumbnail","6":"product_cat-100-m-et-plus","7":"product_cat-4-chambres-et-plus","8":"product_cat-a-revenu","9":"product_cat-commercial","10":"product_cat-moins-de-15-millions","11":"product_cat-plain-pied","12":"tm-no-options","14":"first","15":"instock","16":"sale","17":"shipping-taxable","18":"purchasable","19":"product-type-variable","20":"add-to-wishlist-after_add_to_cart"},"_links":{"self":[{"href":"https:\/\/premierpaschezsoi.com\/w2\/wp-json\/wp\/v2\/product\/29024","targetHints":{"allow":["GET"]}}],"collection":[{"href":"https:\/\/premierpaschezsoi.com\/w2\/wp-json\/wp\/v2\/product"}],"about":[{"href":"https:\/\/premierpaschezsoi.com\/w2\/wp-json\/wp\/v2\/types\/product"}],"replies":[{"embeddable":true,"href":"https:\/\/premierpaschezsoi.com\/w2\/wp-json\/wp\/v2\/comments?post=29024"}],"version-history":[{"count":1,"href":"https:\/\/premierpaschezsoi.com\/w2\/wp-json\/wp\/v2\/product\/29024\/revisions"}],"predecessor-version":[{"id":29027,"href":"https:\/\/premierpaschezsoi.com\/w2\/wp-json\/wp\/v2\/product\/29024\/revisions\/29027"}],"wp:featuredmedia":[{"embeddable":true,"href":"https:\/\/premierpaschezsoi.com\/w2\/wp-json\/wp\/v2\/media\/29026"}],"wp:attachment":[{"href":"https:\/\/premierpaschezsoi.com\/w2\/wp-json\/wp\/v2\/media?parent=29024"}],"wp:term":[{"taxonomy":"product_cat","embeddable":true,"href":"https:\/\/premierpaschezsoi.com\/w2\/wp-json\/wp\/v2\/product_cat?post=29024"},{"taxonomy":"product_tag","embeddable":true,"href":"https:\/\/premierpaschezsoi.com\/w2\/wp-json\/wp\/v2\/product_tag?post=29024"}],"curies":[{"name":"wp","href":"https:\/\/api.w.org\/{rel}","templated":true}]}}